{"id":711,"date":"2023-11-29T11:15:38","date_gmt":"2023-11-29T10:15:38","guid":{"rendered":"https:\/\/campingdulavandin.com\/beispielseite\/"},"modified":"2025-07-10T15:25:19","modified_gmt":"2025-07-10T13:25:19","slug":"beispielseite","status":"publish","type":"page","link":"https:\/\/campingdulavandin.com\/de\/","title":{"rendered":"Startseite"},"content":{"rendered":"\n<div class=\"wp-block-cover alignfull is-light T-05\"><span aria-hidden=\"true\" class=\"wp-block-cover__background has-background-dim\"><\/span><img decoding=\"async\" width=\"1920\" height=\"1281\" class=\"wp-block-cover__image-background wp-image-90\" alt=\"\" src=\"https:\/\/campingdulavandin.com\/wp-content\/uploads\/2024\/05\/AdobeStock_233361456.webp\" data-object-fit=\"cover\" srcset=\"https:\/\/campingdulavandin.com\/wp-content\/uploads\/2024\/05\/AdobeStock_233361456.webp 1920w, https:\/\/campingdulavandin.com\/wp-content\/uploads\/2024\/05\/AdobeStock_233361456-300x200.webp 300w, https:\/\/campingdulavandin.com\/wp-content\/uploads\/2024\/05\/AdobeStock_233361456-1024x683.webp 1024w, https:\/\/campingdulavandin.com\/wp-content\/uploads\/2024\/05\/AdobeStock_233361456-768x512.webp 768w, https:\/\/campingdulavandin.com\/wp-content\/uploads\/2024\/05\/AdobeStock_233361456-1536x1025.webp 1536w\" sizes=\"(max-width: 1920px) 100vw, 1920px\" title=\"\"><div class=\"wp-block-cover__inner-container\">\n<h1>Lavandin<\/h1>\n\n\n\n<p>Geselliger Familiencampingplatz im Herzen der r\u00f6mischen Stadt Orange.<\/p>\n\n\n\n<div class=\"is-layout-flex wp-block-buttons\">\n<div class=\"wp-block-button btn_resa\"><a class=\"wp-block-button__link wp-element-button\">Informationen und Buchung<\/a><\/div>\n<\/div>\n<\/div><\/div>\n\n\n\n<div class=\"is-layout-constrained wp-block-group T-10 fade-up\">\n<h2 class=\"has-text-align-center\">Genie\u00dfen Sie die Ruhe im Freien<\/h2>\n\n\n\n<div class=\"wp-block-fc-gut-encart fc-information\">\n<p class=\"has-text-align-center\">Camping Manon wird zu <strong>Camping du Lavandin<\/strong> und die neuen Eigent\u00fcmer freuen sich, Sie diesen Sommer begr\u00fc\u00dfen zu d\u00fcrfen!<\/p>\n<\/div>\n\n\n\n<ul class=\"pictos\">\n<li><span class=\"fc-icon campground-thin\"><\/span> <strong>83 ger\u00e4umige<\/strong> und schattige Stellpl\u00e4tze<\/li>\n\n\n\n<li><span class=\"fc-icon house-tree-thin\"><\/span> <strong>9 ausgestattete<\/strong> und komfortable Mobilheime<\/li>\n\n\n\n<li><span class=\"fc-icon sun-thin\"><\/span> <strong>Ruhiger und sonniger<\/strong> Campingplatz in der Provence<\/li>\n\n\n\n<li><span class=\"fc-icon family-thin\"><\/span> <strong>Famili\u00e4re, gesellige<\/strong> und ruhige Umgebung<\/li>\n<\/ul>\n<\/div>\n\n\n\n<div class=\"is-layout-flex wp-container-9 wp-block-columns alignfull T-15 reverse-mob has-fond-background-color has-background\">\n<div class=\"is-layout-flow wp-block-column fade-up\">\n<h2>Erleben Sie den Campingmoment<\/h2>\n\n\n\n<p>Der Campingplatz verf\u00fcgt \u00fcber <strong>83 ger\u00e4umige<\/strong>, ebene, schattige und durch Hecken abgegrenzte <strong> <a href=\"https:\/\/campingdulavandin.com\/de\/stellplatze-camping-orange\/\" data-type=\"page\" data-id=\"114\">Stellpl\u00e4tze<\/a><\/strong> mit oder ohne Strom. Sie k\u00f6nnen auch einen der 9 <strong>\n  <a href=\"https:\/\/campingdulavandin.com\/de\/vermietung-mobilheim-cottage-orange\/\" data-type=\"page\" data-id=\"106\">Mobilheime mieten.<\/a>\n<\/strong> <em>(mindestens 3 N\u00e4chte in der Nebensaison und w\u00f6chentlich in der Hochsaison)<\/em>.<\/p>\n\n\n\n<p><strong>Der Campingplatz Lavandin freut sich, Sie vom 20. M\u00e4rz 2024 bis zum 1. November 2024 begr\u00fc\u00dfen zu d\u00fcrfen.<\/strong><\/p>\n\n\n\n<div class=\"wp-block-fc-gut-lire-plus fc-desk\">\n<p>Lesen Sie mehr<\/p>\n\n\n\n<div class=\"is-layout-flow wp-block-group\">\n<p>Nutzen Sie die Dienstleistungen und Aktivit\u00e4ten des Campingplatzes mit <strong>Swimmingpool<\/strong>, <strong>Spielplatz<\/strong> und <strong>Restaurant<\/strong> vor Ort und bewegen Sie sich auf den <strong>Multisportpl\u00e4tzen<\/strong>, die Ihnen f\u00fcr Fu\u00dfball, Basketball, Handball, Tennis oder Boule zur Verf\u00fcgung stehen.<\/p>\n<\/div>\n<\/div>\n\n\n\n<div class=\"is-layout-flex wp-block-buttons\">\n<div class=\"wp-block-button\"><a class=\"wp-block-button__link wp-element-button\" href=\"https:\/\/campingdulavandin.com\/de\/fotogalerie\/\">Alles sehen<\/a><\/div>\n<\/div>\n<\/div>\n\n\n\n<div class=\"is-layout-flow wp-block-column fade-up\">\n<figure class=\"is-layout-flex wp-block-gallery-6 wp-block-gallery has-nested-images columns-4 is-cropped slider fc-diapo fc-auto\">\n<figure class=\"wp-block-image size-large fc-auto\"><img decoding=\"async\" width=\"1024\" height=\"487\" src=\"https:\/\/campingdulavandin.com\/wp-content\/uploads\/2024\/05\/Slide-8-1-1024x487.webp\" alt=\"\" class=\"wp-image-246\" srcset=\"https:\/\/campingdulavandin.com\/wp-content\/uploads\/2024\/05\/Slide-8-1-1024x487.webp 1024w, https:\/\/campingdulavandin.com\/wp-content\/uploads\/2024\/05\/Slide-8-1-300x143.webp 300w, https:\/\/campingdulavandin.com\/wp-content\/uploads\/2024\/05\/Slide-8-1-768x366.webp 768w, https:\/\/campingdulavandin.com\/wp-content\/uploads\/2024\/05\/Slide-8-1-1536x731.webp 1536w, https:\/\/campingdulavandin.com\/wp-content\/uploads\/2024\/05\/Slide-8-1.webp 1920w\" sizes=\"(max-width: 1024px) 100vw, 1024px\" title=\"\"><figcaption class=\"wp-element-caption\">Der Pool<\/figcaption><\/figure>\n\n\n\n<figure class=\"wp-block-image size-large fc-auto\"><img decoding=\"async\" width=\"1024\" height=\"487\" src=\"https:\/\/campingdulavandin.com\/wp-content\/uploads\/2024\/05\/Slide-7-1024x487.webp\" alt=\"\" class=\"wp-image-141\" srcset=\"https:\/\/campingdulavandin.com\/wp-content\/uploads\/2024\/05\/Slide-7-1024x487.webp 1024w, https:\/\/campingdulavandin.com\/wp-content\/uploads\/2024\/05\/Slide-7-300x143.webp 300w, https:\/\/campingdulavandin.com\/wp-content\/uploads\/2024\/05\/Slide-7-768x366.webp 768w, https:\/\/campingdulavandin.com\/wp-content\/uploads\/2024\/05\/Slide-7-1536x731.webp 1536w, https:\/\/campingdulavandin.com\/wp-content\/uploads\/2024\/05\/Slide-7.webp 1920w\" sizes=\"(max-width: 1024px) 100vw, 1024px\" title=\"\"><figcaption class=\"wp-element-caption\">Unsere Standorte<\/figcaption><\/figure>\n\n\n\n<figure class=\"wp-block-image size-large fc-auto\"><img decoding=\"async\" width=\"1024\" height=\"487\" src=\"https:\/\/campingdulavandin.com\/wp-content\/uploads\/2024\/05\/Slide-6-1024x487.webp\" alt=\"\" class=\"wp-image-144\" srcset=\"https:\/\/campingdulavandin.com\/wp-content\/uploads\/2024\/05\/Slide-6-1024x487.webp 1024w, https:\/\/campingdulavandin.com\/wp-content\/uploads\/2024\/05\/Slide-6-300x143.webp 300w, https:\/\/campingdulavandin.com\/wp-content\/uploads\/2024\/05\/Slide-6-768x366.webp 768w, https:\/\/campingdulavandin.com\/wp-content\/uploads\/2024\/05\/Slide-6-1536x731.webp 1536w, https:\/\/campingdulavandin.com\/wp-content\/uploads\/2024\/05\/Slide-6.webp 1920w\" sizes=\"(max-width: 1024px) 100vw, 1024px\" title=\"\"><figcaption class=\"wp-element-caption\">Das Restaurant<\/figcaption><\/figure>\n\n\n\n<figure class=\"wp-block-image size-large fc-auto\"><img decoding=\"async\" width=\"768\" height=\"1024\" src=\"https:\/\/campingdulavandin.com\/wp-content\/uploads\/2024\/07\/IMG_2925-768x1024.jpg\" alt=\"\" class=\"wp-image-818\" srcset=\"https:\/\/campingdulavandin.com\/wp-content\/uploads\/2024\/07\/IMG_2925-768x1024.jpg 768w, https:\/\/campingdulavandin.com\/wp-content\/uploads\/2024\/07\/IMG_2925-225x300.jpg 225w, https:\/\/campingdulavandin.com\/wp-content\/uploads\/2024\/07\/IMG_2925-1152x1536.jpg 1152w, https:\/\/campingdulavandin.com\/wp-content\/uploads\/2024\/07\/IMG_2925.jpg 1512w\" sizes=\"(max-width: 768px) 100vw, 768px\" title=\"\"><figcaption class=\"wp-element-caption\">Empfang auf dem Campingplatz<\/figcaption><\/figure>\n\n\n\n<figure class=\"wp-block-image size-large fc-auto\"><img decoding=\"async\" width=\"1024\" height=\"488\" src=\"https:\/\/campingdulavandin.com\/wp-content\/uploads\/2024\/05\/Slide-5-1-1024x488.webp\" alt=\"\" class=\"wp-image-226\" srcset=\"https:\/\/campingdulavandin.com\/wp-content\/uploads\/2024\/05\/Slide-5-1-1024x488.webp 1024w, https:\/\/campingdulavandin.com\/wp-content\/uploads\/2024\/05\/Slide-5-1-300x143.webp 300w, https:\/\/campingdulavandin.com\/wp-content\/uploads\/2024\/05\/Slide-5-1-768x366.webp 768w, https:\/\/campingdulavandin.com\/wp-content\/uploads\/2024\/05\/Slide-5-1-1536x731.webp 1536w, https:\/\/campingdulavandin.com\/wp-content\/uploads\/2024\/05\/Slide-5-1.webp 2048w\" sizes=\"(max-width: 1024px) 100vw, 1024px\" title=\"\"><figcaption class=\"wp-element-caption\">Lavandin aus der Luft<\/figcaption><\/figure>\n\n\n\n<figure class=\"wp-block-image size-large fc-auto\"><img decoding=\"async\" width=\"1024\" height=\"487\" src=\"https:\/\/campingdulavandin.com\/wp-content\/uploads\/2024\/05\/Slide-3-1024x487.webp\" alt=\"\" class=\"wp-image-150\" srcset=\"https:\/\/campingdulavandin.com\/wp-content\/uploads\/2024\/05\/Slide-3-1024x487.webp 1024w, https:\/\/campingdulavandin.com\/wp-content\/uploads\/2024\/05\/Slide-3-300x143.webp 300w, https:\/\/campingdulavandin.com\/wp-content\/uploads\/2024\/05\/Slide-3-768x366.webp 768w, https:\/\/campingdulavandin.com\/wp-content\/uploads\/2024\/05\/Slide-3-1536x731.webp 1536w, https:\/\/campingdulavandin.com\/wp-content\/uploads\/2024\/05\/Slide-3.webp 1920w\" sizes=\"(max-width: 1024px) 100vw, 1024px\" title=\"\"><figcaption class=\"wp-element-caption\">Unsere Mobilheime<\/figcaption><\/figure>\n<\/figure>\n<\/div>\n<\/div>\n\n\n\n<div class=\"wp-block-cover is-light\"><span aria-hidden=\"true\" class=\"wp-block-cover__background has-blanc-background-color has-background-dim-100 has-background-dim\"><\/span><div class=\"wp-block-cover__inner-container\">\n<h1>Wichtiger Hinweis \u2013 Stellpl\u00e4tze f\u00fcr Radfahrer und Wanderer<\/h1>\n\n\n\n<p>Offizielle Mitteilung<\/p>\n\n\n\n<p>Liebe G\u00e4ste, liebe Freunde,<\/p>\n\n\n\n<p>Seit einigen Tagen sind wir Ziel einer gezielten Online-Hasskampagne, die von Teilen der Fahrrad-Community organisiert wurde. Anlass ist unsere Entscheidung, keine Radfahrer oder Wanderer auf der Durchreise mehr aufzunehmen.<\/p>\n\n\n\n<p>Entgegen mancher Behauptungen gibt es keine gesetzliche Verpflichtung f\u00fcr private Einrichtungen, Fahrradreisende aufzunehmen. Und im franz\u00f6sischen Recht existiert kein Gesetz, das eine sogenannte \u201eDiskriminierung von Radfahrern\u201c anerkennt.<\/p>\n\n\n\n<p>Unsere Entscheidung ist daher rechtlich abgesichert und begr\u00fcndet, basierend auf unseren tats\u00e4chlichen Erfahrungen \u2013 und im v\u00f6lligen Einklang mit dem Gesetz.<\/p>\n\n\n\n<p>Viele negative Bewertungen auf Google stammen von Personen, die nie bei uns \u00fcbernachtet haben \u2013 was sie sogar offen zugeben.<\/p>\n\n\n\n<p>Einige rufen andere sogar \u00f6ffentlich dazu auf, bewusst falsche 1-Stern-Bewertungen zu hinterlassen, \u201eaus Solidarit\u00e4t\u201c.<\/p>\n\n\n\n<p>Dies stellt einen klaren Fall von digitalem Mobbing und Verleumdung dar, den wir \u00e4u\u00dferst ernst nehmen.<\/p>\n\n\n\n<ul>\n<li>Eine Strafanzeige wurde bei den zust\u00e4ndigen Beh\u00f6rden eingereicht.<\/li>\n\n\n\n<li>Wir geben den Verfassern dieser gef\u00e4lschten Bewertungen eine angemessene Frist zur L\u00f6schung \u2013 andernfalls werden rechtliche Schritte gegen jede einzelne Person eingeleitet.<\/li>\n<\/ul>\n\n\n\n<p>Wir bekr\u00e4ftigen hiermit:<\/p>\n\n\n\n<ul>\n<li>Unsere Entscheidung, keine Radfahrer oder Wanderer mehr aufzunehmen, ist endg\u00fcltig und unumkehrbar.<\/li>\n\n\n\n<li>Diese Entscheidung ist das Ergebnis vieler negativer Erfahrungen mit Respektlosigkeit und unangemessenem Verhalten.<\/li>\n\n\n\n<li>Wir werden weder dem Druck, noch Drohungen oder der Manipulation unseres Online-Images nachgeben.<\/li>\n<\/ul>\n\n\n\n<p>Wir bitten unsere echten und treuen G\u00e4ste aufrichtig um Entschuldigung f\u00fcr die Unannehmlichkeiten, die ihnen diese Situation bereiten k\u00f6nnte.<\/p>\n\n\n\n<p>Seien Sie versichert: Die Qualit\u00e4t unseres Empfangs, unserer Dienstleistungen und Einrichtungen bleibt hoch \u2013 und ist in dieser Saison sogar noch besser.<\/p>\n\n\n\n<p>Vielen Dank an alle, die uns mit Wohlwollen unterst\u00fctzen.<\/p>\n\n\n\n<p>L&#8217;\u00e9quipe du Lavandin <\/p>\n<\/div><\/div>\n\n\n\n<div class=\"is-layout-flex wp-container-14 wp-block-columns T-20 fade-up\">\n<div class=\"is-layout-flow wp-block-column hide-mob\">\n<figure class=\"wp-block-image size-large fc-auto\"><img decoding=\"async\" width=\"1024\" height=\"684\" src=\"https:\/\/campingdulavandin.com\/wp-content\/uploads\/2024\/05\/AdobeStock_215601634-1024x684.webp\" alt=\"\" class=\"wp-image-156\" srcset=\"https:\/\/campingdulavandin.com\/wp-content\/uploads\/2024\/05\/AdobeStock_215601634-1024x684.webp 1024w, https:\/\/campingdulavandin.com\/wp-content\/uploads\/2024\/05\/AdobeStock_215601634-300x200.webp 300w, https:\/\/campingdulavandin.com\/wp-content\/uploads\/2024\/05\/AdobeStock_215601634-768x513.webp 768w, https:\/\/campingdulavandin.com\/wp-content\/uploads\/2024\/05\/AdobeStock_215601634-1536x1026.webp 1536w, https:\/\/campingdulavandin.com\/wp-content\/uploads\/2024\/05\/AdobeStock_215601634.webp 1920w\" sizes=\"(max-width: 1024px) 100vw, 1024px\" title=\"\"><\/figure>\n<\/div>\n\n\n\n<div class=\"is-layout-flow wp-block-column\">\n<figure class=\"is-layout-flex wp-block-gallery-11 wp-block-gallery has-nested-images columns-1 is-cropped slider2 fc-diapo fc-auto\">\n<figure class=\"wp-block-image size-large fc-auto\"><img decoding=\"async\" width=\"655\" height=\"1024\" src=\"https:\/\/campingdulavandin.com\/wp-content\/uploads\/2024\/05\/AdobeStock_62645164-scaled-1-655x1024.webp\" alt=\"\" class=\"wp-image-159\" srcset=\"https:\/\/campingdulavandin.com\/wp-content\/uploads\/2024\/05\/AdobeStock_62645164-scaled-1-655x1024.webp 655w, https:\/\/campingdulavandin.com\/wp-content\/uploads\/2024\/05\/AdobeStock_62645164-scaled-1-192x300.webp 192w, https:\/\/campingdulavandin.com\/wp-content\/uploads\/2024\/05\/AdobeStock_62645164-scaled-1-768x1200.webp 768w, https:\/\/campingdulavandin.com\/wp-content\/uploads\/2024\/05\/AdobeStock_62645164-scaled-1-983x1536.webp 983w, https:\/\/campingdulavandin.com\/wp-content\/uploads\/2024\/05\/AdobeStock_62645164-scaled-1-1310x2048.webp 1310w, https:\/\/campingdulavandin.com\/wp-content\/uploads\/2024\/05\/AdobeStock_62645164-scaled-1.webp 1638w\" sizes=\"(max-width: 655px) 100vw, 655px\" title=\"\"><figcaption class=\"wp-element-caption\">Radfahren<\/figcaption><\/figure>\n\n\n\n<figure class=\"wp-block-image size-large fc-auto\"><img decoding=\"async\" width=\"683\" height=\"1024\" src=\"https:\/\/campingdulavandin.com\/wp-content\/uploads\/2024\/05\/AdobeStock_1484083-683x1024.webp\" alt=\"\" class=\"wp-image-162\" srcset=\"https:\/\/campingdulavandin.com\/wp-content\/uploads\/2024\/05\/AdobeStock_1484083-683x1024.webp 683w, https:\/\/campingdulavandin.com\/wp-content\/uploads\/2024\/05\/AdobeStock_1484083-200x300.webp 200w, https:\/\/campingdulavandin.com\/wp-content\/uploads\/2024\/05\/AdobeStock_1484083-768x1152.webp 768w, https:\/\/campingdulavandin.com\/wp-content\/uploads\/2024\/05\/AdobeStock_1484083-1024x1536.webp 1024w, https:\/\/campingdulavandin.com\/wp-content\/uploads\/2024\/05\/AdobeStock_1484083.webp 1280w\" sizes=\"(max-width: 683px) 100vw, 683px\" title=\"\"><figcaption class=\"wp-element-caption\">Spielplatz f\u00fcr Kinder<\/figcaption><\/figure>\n\n\n\n<figure class=\"wp-block-image size-large fc-auto\"><img decoding=\"async\" width=\"756\" height=\"1024\" src=\"https:\/\/campingdulavandin.com\/wp-content\/uploads\/2024\/05\/AdobeStock_242170461-756x1024.webp\" alt=\"\" class=\"wp-image-165\" srcset=\"https:\/\/campingdulavandin.com\/wp-content\/uploads\/2024\/05\/AdobeStock_242170461-756x1024.webp 756w, https:\/\/campingdulavandin.com\/wp-content\/uploads\/2024\/05\/AdobeStock_242170461-221x300.webp 221w, https:\/\/campingdulavandin.com\/wp-content\/uploads\/2024\/05\/AdobeStock_242170461-768x1041.webp 768w, https:\/\/campingdulavandin.com\/wp-content\/uploads\/2024\/05\/AdobeStock_242170461-1134x1536.webp 1134w, https:\/\/campingdulavandin.com\/wp-content\/uploads\/2024\/05\/AdobeStock_242170461.webp 1417w\" sizes=\"(max-width: 756px) 100vw, 756px\" title=\"\"><figcaption class=\"wp-element-caption\">Wanderungen<\/figcaption><\/figure>\n\n\n\n<figure class=\"wp-block-image size-large fc-auto\"><img decoding=\"async\" width=\"683\" height=\"1024\" src=\"https:\/\/campingdulavandin.com\/wp-content\/uploads\/2024\/05\/AdobeStock_581720993-683x1024.webp\" alt=\"\" class=\"wp-image-168\" srcset=\"https:\/\/campingdulavandin.com\/wp-content\/uploads\/2024\/05\/AdobeStock_581720993-683x1024.webp 683w, https:\/\/campingdulavandin.com\/wp-content\/uploads\/2024\/05\/AdobeStock_581720993-200x300.webp 200w, https:\/\/campingdulavandin.com\/wp-content\/uploads\/2024\/05\/AdobeStock_581720993-768x1152.webp 768w, https:\/\/campingdulavandin.com\/wp-content\/uploads\/2024\/05\/AdobeStock_581720993-1024x1536.webp 1024w, https:\/\/campingdulavandin.com\/wp-content\/uploads\/2024\/05\/AdobeStock_581720993.webp 1280w\" sizes=\"(max-width: 683px) 100vw, 683px\" title=\"\"><figcaption class=\"wp-element-caption\">Ausfl\u00fcge in der Provence<\/figcaption><\/figure>\n<\/figure>\n<\/div>\n<\/div>\n\n\n\n<div class=\"wp-block-cover alignfull T-25\"><span aria-hidden=\"true\" class=\"wp-block-cover__background has-background-dim\"><\/span><img decoding=\"async\" width=\"1920\" height=\"769\" class=\"wp-block-cover__image-background wp-image-171\" alt=\"\" src=\"https:\/\/campingdulavandin.com\/wp-content\/uploads\/2024\/05\/AdobeStock_185533317.webp\" data-object-fit=\"cover\" srcset=\"https:\/\/campingdulavandin.com\/wp-content\/uploads\/2024\/05\/AdobeStock_185533317.webp 1920w, https:\/\/campingdulavandin.com\/wp-content\/uploads\/2024\/05\/AdobeStock_185533317-300x120.webp 300w, https:\/\/campingdulavandin.com\/wp-content\/uploads\/2024\/05\/AdobeStock_185533317-1024x410.webp 1024w, https:\/\/campingdulavandin.com\/wp-content\/uploads\/2024\/05\/AdobeStock_185533317-768x308.webp 768w, https:\/\/campingdulavandin.com\/wp-content\/uploads\/2024\/05\/AdobeStock_185533317-1536x615.webp 1536w\" sizes=\"(max-width: 1920px) 100vw, 1920px\" title=\"\"><div class=\"wp-block-cover__inner-container\">\n<p class=\"fade-up\">Bereiten Sie Ihren Aufenthalt vor<\/p>\n\n\n\n<ul class=\"fade-up\">\n<li><a href=\"https:\/\/campingdulavandin.com\/de\/vermietung-mobilheim-cottage-orange\/\" data-type=\"page\" data-id=\"106\">Die Unterk\u00fcnfte<\/a><\/li>\n\n\n\n<li><a href=\"https:\/\/campingdulavandin.com\/de\/swimmingpool\/\" data-type=\"page\" data-id=\"122\">Der Pool<\/a><\/li>\n\n\n\n<li><a href=\"https:\/\/campingdulavandin.com\/de\/einrichtungen-camping-orange\/\" data-type=\"page\" data-id=\"108\">Dienstleistungen<\/a><\/li>\n\n\n\n<li><a href=\"https:\/\/campingdulavandin.com\/de\/freizeit-auf-dem-campingplatz\/\" data-type=\"page\" data-id=\"110\">Freizeit<\/a><\/li>\n<\/ul>\n\n\n\n<div class=\"is-layout-flex wp-block-buttons fade-up\">\n<div class=\"wp-block-button btn_resa\"><a class=\"wp-block-button__link wp-element-button\">Buchen Sie schnell<\/a><\/div>\n<\/div>\n<\/div><\/div>\n\n\n\n<div class=\"is-layout-flex wp-container-21 wp-block-columns alignfull T-15 -a has-fond-background-color has-background\">\n<div class=\"is-layout-flow wp-block-column fade-up\">\n<h2>Erkunden Sie die Umgebung<\/h2>\n\n\n\n<p>An der Kreuzung der Autobahnen A7 und A9, in der N\u00e4he der Nationalstra\u00dfe 7, aber auch nur wenige Kilometer von den Radwegen Via Rh\u00f4na und Via Veinaissia entfernt, ist dies ein <strong>idealer Ausgangspunkt f\u00fcr jeden Reisenden<\/strong>.<\/p>\n\n\n\n<p>300 Sonnentage im Jahr, eine <strong>freundliche und nat\u00fcrliche Umgebung<\/strong> mit Pinienb\u00e4umen&#8230; warum sollten Sie widerstehen?<\/p>\n\n\n\n<p>Dann warten Sie nicht l\u00e4nger und entdecken Sie unsere sch\u00f6ne Region!<\/p>\n\n\n\n<div class=\"is-layout-flex wp-block-buttons\">\n<div class=\"wp-block-button\"><a class=\"wp-block-button__link wp-element-button\" href=\"https:\/\/campingdulavandin.com\/de\/freizeit-und-besichtigungen-in-vaucluse\/\">Entdecken Sie<\/a><\/div>\n<\/div>\n<\/div>\n\n\n\n<div class=\"is-layout-flow wp-block-column fade-up\">\n<figure class=\"is-layout-flex wp-block-gallery-18 wp-block-gallery has-nested-images columns-5 is-cropped slider fc-diapo fc-auto\">\n<figure class=\"wp-block-image size-large fc-auto\"><img decoding=\"async\" width=\"1018\" height=\"1024\" src=\"https:\/\/campingdulavandin.com\/wp-content\/uploads\/2024\/05\/AdobeStock_8736776-1018x1024.webp\" alt=\"\" class=\"wp-image-174\" srcset=\"https:\/\/campingdulavandin.com\/wp-content\/uploads\/2024\/05\/AdobeStock_8736776-1018x1024.webp 1018w, https:\/\/campingdulavandin.com\/wp-content\/uploads\/2024\/05\/AdobeStock_8736776-298x300.webp 298w, https:\/\/campingdulavandin.com\/wp-content\/uploads\/2024\/05\/AdobeStock_8736776-150x150.webp 150w, https:\/\/campingdulavandin.com\/wp-content\/uploads\/2024\/05\/AdobeStock_8736776-768x773.webp 768w, https:\/\/campingdulavandin.com\/wp-content\/uploads\/2024\/05\/AdobeStock_8736776-1526x1536.webp 1526w, https:\/\/campingdulavandin.com\/wp-content\/uploads\/2024\/05\/AdobeStock_8736776.webp 1908w\" sizes=\"(max-width: 1018px) 100vw, 1018px\" title=\"\"><figcaption class=\"wp-element-caption\">Der Mont Ventoux<\/figcaption><\/figure>\n\n\n\n<figure class=\"wp-block-image size-large fc-auto\"><img decoding=\"async\" width=\"1024\" height=\"1024\" src=\"https:\/\/campingdulavandin.com\/wp-content\/uploads\/2024\/05\/AdobeStock_46807401-1024x1024.webp\" alt=\"\" class=\"wp-image-177\" srcset=\"https:\/\/campingdulavandin.com\/wp-content\/uploads\/2024\/05\/AdobeStock_46807401-1024x1024.webp 1024w, https:\/\/campingdulavandin.com\/wp-content\/uploads\/2024\/05\/AdobeStock_46807401-300x300.webp 300w, https:\/\/campingdulavandin.com\/wp-content\/uploads\/2024\/05\/AdobeStock_46807401-150x150.webp 150w, https:\/\/campingdulavandin.com\/wp-content\/uploads\/2024\/05\/AdobeStock_46807401-768x768.webp 768w, https:\/\/campingdulavandin.com\/wp-content\/uploads\/2024\/05\/AdobeStock_46807401-1536x1536.webp 1536w, https:\/\/campingdulavandin.com\/wp-content\/uploads\/2024\/05\/AdobeStock_46807401.webp 1920w\" sizes=\"(max-width: 1024px) 100vw, 1024px\" title=\"\"><figcaption class=\"wp-element-caption\">Weinstra\u00dfe<\/figcaption><\/figure>\n\n\n\n<figure class=\"wp-block-image size-large fc-auto\"><img decoding=\"async\" width=\"681\" height=\"1024\" src=\"https:\/\/campingdulavandin.com\/wp-content\/uploads\/2024\/05\/AdobeStock_303542256-681x1024.webp\" alt=\"\" class=\"wp-image-180\" srcset=\"https:\/\/campingdulavandin.com\/wp-content\/uploads\/2024\/05\/AdobeStock_303542256-681x1024.webp 681w, https:\/\/campingdulavandin.com\/wp-content\/uploads\/2024\/05\/AdobeStock_303542256-200x300.webp 200w, https:\/\/campingdulavandin.com\/wp-content\/uploads\/2024\/05\/AdobeStock_303542256-768x1155.webp 768w, https:\/\/campingdulavandin.com\/wp-content\/uploads\/2024\/05\/AdobeStock_303542256-1022x1536.webp 1022w, https:\/\/campingdulavandin.com\/wp-content\/uploads\/2024\/05\/AdobeStock_303542256.webp 1277w\" sizes=\"(max-width: 681px) 100vw, 681px\" title=\"\"><figcaption class=\"wp-element-caption\">Die Br\u00fccke von Avignon<\/figcaption><\/figure>\n\n\n\n<figure class=\"wp-block-image size-large fc-auto\"><img decoding=\"async\" width=\"1024\" height=\"1024\" src=\"https:\/\/campingdulavandin.com\/wp-content\/uploads\/2024\/05\/AdobeStock_527216444-1024x1024.webp\" alt=\"\" class=\"wp-image-183\" srcset=\"https:\/\/campingdulavandin.com\/wp-content\/uploads\/2024\/05\/AdobeStock_527216444-1024x1024.webp 1024w, https:\/\/campingdulavandin.com\/wp-content\/uploads\/2024\/05\/AdobeStock_527216444-300x300.webp 300w, https:\/\/campingdulavandin.com\/wp-content\/uploads\/2024\/05\/AdobeStock_527216444-150x150.webp 150w, https:\/\/campingdulavandin.com\/wp-content\/uploads\/2024\/05\/AdobeStock_527216444-768x768.webp 768w, https:\/\/campingdulavandin.com\/wp-content\/uploads\/2024\/05\/AdobeStock_527216444-1536x1536.webp 1536w, https:\/\/campingdulavandin.com\/wp-content\/uploads\/2024\/05\/AdobeStock_527216444.webp 1920w\" sizes=\"(max-width: 1024px) 100vw, 1024px\" title=\"\"><figcaption class=\"wp-element-caption\">Die Stadt Orange<\/figcaption><\/figure>\n\n\n\n<figure class=\"wp-block-image size-large fc-auto\"><img decoding=\"async\" width=\"682\" height=\"1024\" src=\"https:\/\/campingdulavandin.com\/wp-content\/uploads\/2024\/05\/AdobeStock_562885575-682x1024.webp\" alt=\"\" class=\"wp-image-186\" srcset=\"https:\/\/campingdulavandin.com\/wp-content\/uploads\/2024\/05\/AdobeStock_562885575-682x1024.webp 682w, https:\/\/campingdulavandin.com\/wp-content\/uploads\/2024\/05\/AdobeStock_562885575-200x300.webp 200w, https:\/\/campingdulavandin.com\/wp-content\/uploads\/2024\/05\/AdobeStock_562885575-768x1153.webp 768w, https:\/\/campingdulavandin.com\/wp-content\/uploads\/2024\/05\/AdobeStock_562885575-1023x1536.webp 1023w, https:\/\/campingdulavandin.com\/wp-content\/uploads\/2024\/05\/AdobeStock_562885575.webp 1279w\" sizes=\"(max-width: 682px) 100vw, 682px\" title=\"\"><figcaption class=\"wp-element-caption\">Vaison-la-Romaine<\/figcaption><\/figure>\n<\/figure>\n<\/div>\n<\/div>\n\n\n\n<div class=\"is-layout-flex wp-container-25 wp-block-columns T-35 fade-up reverse-mob\">\n<div class=\"is-layout-flow wp-block-column col-img\">\n<figure class=\"wp-block-image size-large fc-auto\"><img decoding=\"async\" width=\"1024\" height=\"487\" src=\"https:\/\/campingdulavandin.com\/wp-content\/uploads\/2024\/05\/Slide-4-1-1024x487.webp\" alt=\"\" class=\"wp-image-262\" srcset=\"https:\/\/campingdulavandin.com\/wp-content\/uploads\/2024\/05\/Slide-4-1-1024x487.webp 1024w, https:\/\/campingdulavandin.com\/wp-content\/uploads\/2024\/05\/Slide-4-1-300x143.webp 300w, https:\/\/campingdulavandin.com\/wp-content\/uploads\/2024\/05\/Slide-4-1-768x366.webp 768w, https:\/\/campingdulavandin.com\/wp-content\/uploads\/2024\/05\/Slide-4-1-1536x731.webp 1536w, https:\/\/campingdulavandin.com\/wp-content\/uploads\/2024\/05\/Slide-4-1.webp 1920w\" sizes=\"(max-width: 1024px) 100vw, 1024px\" title=\"\"><\/figure>\n<\/div>\n\n\n\n<div class=\"is-layout-flow wp-block-column\">\n<h2>Wasserpark<\/h2>\n\n\n\n<p>Entdecken Sie das Vergn\u00fcgen der Entspannung mit unserem Swimmingpool auf dem Campingplatz Lavandin in der Vaucluse. Genie\u00dfen Sie das ganze Jahr \u00fcber eine Oase, die Ihrem Aufenthalt eine erfrischende Pause verleiht.<\/p>\n\n\n\n<p>Der <strong>Swimmingpool<\/strong> von Camping Lavandin ist <strong>beheizt<\/strong>, um Ihr Badeerlebnis zu maximieren!<\/p>\n\n\n\n<div class=\"is-layout-flex wp-block-buttons\">\n<div class=\"wp-block-button\"><a class=\"wp-block-button__link wp-element-button\" href=\"https:\/\/campingdulavandin.com\/de\/swimmingpool\/\">Weitere Informationen<\/a><\/div>\n<\/div>\n<\/div>\n<\/div>\n\n\n\n<div class=\"is-layout-constrained wp-block-group alignfull T-40 hide-mob has-fond-background-color has-background\">\n<p class=\"has-text-align-center fade-up\">Machen Sie Urlaub auf <em>einem Komfort-Campingplatz<\/em><\/p>\n\n\n\n<figure class=\"is-layout-flex wp-block-gallery-26 wp-block-gallery has-nested-images columns-7 is-cropped fade-up fc-auto\">\n<figure class=\"wp-block-image size-large fc-auto\"><img decoding=\"async\" width=\"683\" height=\"1024\" src=\"https:\/\/campingdulavandin.com\/wp-content\/uploads\/2024\/05\/AdobeStock_489590266-683x1024.webp\" alt=\"\" class=\"wp-image-192\" srcset=\"https:\/\/campingdulavandin.com\/wp-content\/uploads\/2024\/05\/AdobeStock_489590266-683x1024.webp 683w, https:\/\/campingdulavandin.com\/wp-content\/uploads\/2024\/05\/AdobeStock_489590266-200x300.webp 200w, https:\/\/campingdulavandin.com\/wp-content\/uploads\/2024\/05\/AdobeStock_489590266-768x1152.webp 768w, https:\/\/campingdulavandin.com\/wp-content\/uploads\/2024\/05\/AdobeStock_489590266-1024x1536.webp 1024w, https:\/\/campingdulavandin.com\/wp-content\/uploads\/2024\/05\/AdobeStock_489590266.webp 1280w\" sizes=\"(max-width: 683px) 100vw, 683px\" title=\"\"><\/figure>\n\n\n\n<figure class=\"wp-block-image size-large fc-auto\"><img decoding=\"async\" width=\"1024\" height=\"985\" src=\"https:\/\/campingdulavandin.com\/wp-content\/uploads\/2024\/05\/AdobeStock_43445005-1024x985.webp\" alt=\"\" class=\"wp-image-195\" srcset=\"https:\/\/campingdulavandin.com\/wp-content\/uploads\/2024\/05\/AdobeStock_43445005-1024x985.webp 1024w, https:\/\/campingdulavandin.com\/wp-content\/uploads\/2024\/05\/AdobeStock_43445005-300x289.webp 300w, https:\/\/campingdulavandin.com\/wp-content\/uploads\/2024\/05\/AdobeStock_43445005-768x739.webp 768w, https:\/\/campingdulavandin.com\/wp-content\/uploads\/2024\/05\/AdobeStock_43445005-1536x1478.webp 1536w, https:\/\/campingdulavandin.com\/wp-content\/uploads\/2024\/05\/AdobeStock_43445005.webp 1996w\" sizes=\"(max-width: 1024px) 100vw, 1024px\" title=\"\"><\/figure>\n\n\n\n<figure class=\"wp-block-image size-large fc-auto\"><img decoding=\"async\" width=\"1024\" height=\"936\" src=\"https:\/\/campingdulavandin.com\/wp-content\/uploads\/2024\/05\/AdobeStock_124499785-2048x1871-1-1024x936.webp\" alt=\"\" class=\"wp-image-198\" srcset=\"https:\/\/campingdulavandin.com\/wp-content\/uploads\/2024\/05\/AdobeStock_124499785-2048x1871-1-1024x936.webp 1024w, https:\/\/campingdulavandin.com\/wp-content\/uploads\/2024\/05\/AdobeStock_124499785-2048x1871-1-300x274.webp 300w, https:\/\/campingdulavandin.com\/wp-content\/uploads\/2024\/05\/AdobeStock_124499785-2048x1871-1-768x702.webp 768w, https:\/\/campingdulavandin.com\/wp-content\/uploads\/2024\/05\/AdobeStock_124499785-2048x1871-1-1536x1403.webp 1536w, https:\/\/campingdulavandin.com\/wp-content\/uploads\/2024\/05\/AdobeStock_124499785-2048x1871-1.webp 2048w\" sizes=\"(max-width: 1024px) 100vw, 1024px\" title=\"\"><\/figure>\n\n\n\n<figure class=\"wp-block-image size-large fc-auto\"><img decoding=\"async\" width=\"683\" height=\"1024\" src=\"https:\/\/campingdulavandin.com\/wp-content\/uploads\/2024\/05\/AdobeStock_319786054-683x1024.webp\" alt=\"\" class=\"wp-image-201\" srcset=\"https:\/\/campingdulavandin.com\/wp-content\/uploads\/2024\/05\/AdobeStock_319786054-683x1024.webp 683w, https:\/\/campingdulavandin.com\/wp-content\/uploads\/2024\/05\/AdobeStock_319786054-200x300.webp 200w, https:\/\/campingdulavandin.com\/wp-content\/uploads\/2024\/05\/AdobeStock_319786054-768x1152.webp 768w, https:\/\/campingdulavandin.com\/wp-content\/uploads\/2024\/05\/AdobeStock_319786054-1024x1536.webp 1024w, https:\/\/campingdulavandin.com\/wp-content\/uploads\/2024\/05\/AdobeStock_319786054.webp 1280w\" sizes=\"(max-width: 683px) 100vw, 683px\" title=\"\"><\/figure>\n\n\n\n<figure class=\"wp-block-image size-large fc-auto\"><img decoding=\"async\" width=\"768\" height=\"1024\" src=\"https:\/\/campingdulavandin.com\/wp-content\/uploads\/2024\/05\/AdobeStock_378741049-768x1024.webp\" alt=\"\" class=\"wp-image-204\" srcset=\"https:\/\/campingdulavandin.com\/wp-content\/uploads\/2024\/05\/AdobeStock_378741049-768x1024.webp 768w, https:\/\/campingdulavandin.com\/wp-content\/uploads\/2024\/05\/AdobeStock_378741049-225x300.webp 225w, https:\/\/campingdulavandin.com\/wp-content\/uploads\/2024\/05\/AdobeStock_378741049-1152x1536.webp 1152w, https:\/\/campingdulavandin.com\/wp-content\/uploads\/2024\/05\/AdobeStock_378741049.webp 1440w\" sizes=\"(max-width: 768px) 100vw, 768px\" title=\"\"><\/figure>\n\n\n\n<figure class=\"wp-block-image size-large fc-auto\"><img decoding=\"async\" width=\"1024\" height=\"1024\" src=\"https:\/\/campingdulavandin.com\/wp-content\/uploads\/2024\/05\/AdobeStock_15714769-1024x1024.webp\" alt=\"\" class=\"wp-image-207\" srcset=\"https:\/\/campingdulavandin.com\/wp-content\/uploads\/2024\/05\/AdobeStock_15714769-1024x1024.webp 1024w, https:\/\/campingdulavandin.com\/wp-content\/uploads\/2024\/05\/AdobeStock_15714769-300x300.webp 300w, https:\/\/campingdulavandin.com\/wp-content\/uploads\/2024\/05\/AdobeStock_15714769-150x150.webp 150w, https:\/\/campingdulavandin.com\/wp-content\/uploads\/2024\/05\/AdobeStock_15714769-768x768.webp 768w, https:\/\/campingdulavandin.com\/wp-content\/uploads\/2024\/05\/AdobeStock_15714769-1536x1536.webp 1536w, https:\/\/campingdulavandin.com\/wp-content\/uploads\/2024\/05\/AdobeStock_15714769.webp 1920w\" sizes=\"(max-width: 1024px) 100vw, 1024px\" title=\"\"><\/figure>\n\n\n\n<figure class=\"wp-block-image size-large fc-auto\"><img decoding=\"async\" width=\"683\" height=\"1024\" src=\"https:\/\/campingdulavandin.com\/wp-content\/uploads\/2024\/05\/AdobeStock_719496721-683x1024.webp\" alt=\"\" class=\"wp-image-210\" srcset=\"https:\/\/campingdulavandin.com\/wp-content\/uploads\/2024\/05\/AdobeStock_719496721-683x1024.webp 683w, https:\/\/campingdulavandin.com\/wp-content\/uploads\/2024\/05\/AdobeStock_719496721-200x300.webp 200w, https:\/\/campingdulavandin.com\/wp-content\/uploads\/2024\/05\/AdobeStock_719496721-768x1152.webp 768w, https:\/\/campingdulavandin.com\/wp-content\/uploads\/2024\/05\/AdobeStock_719496721-1024x1536.webp 1024w, https:\/\/campingdulavandin.com\/wp-content\/uploads\/2024\/05\/AdobeStock_719496721.webp 1280w\" sizes=\"(max-width: 683px) 100vw, 683px\" title=\"\"><\/figure>\n<\/figure>\n<\/div>\n","protected":false},"excerpt":{"rendered":"<p>Genie\u00dfen Sie die Ruhe im Freien Erleben Sie den Campingmoment Der Campingplatz verf\u00fcgt \u00fcber 83 ger\u00e4umige, ebene, schattige und durch Hecken abgegrenzte Stellpl\u00e4tze mit oder ohne Strom. Sie k\u00f6nnen auch einen der 9 Mobilheime mieten. (mindestens 3 N\u00e4chte in der Nebensaison und w\u00f6chentlich in der Hochsaison). Der Campingplatz Lavandin freut sich, Sie vom 20. M\u00e4rz [&hellip;]<\/p>\n","protected":false},"author":1,"featured_media":0,"parent":0,"menu_order":0,"comment_status":"closed","ping_status":"closed","template":"","meta":[],"acf":[],"_links":{"self":[{"href":"https:\/\/campingdulavandin.com\/de\/wp-json\/wp\/v2\/pages\/711"}],"collection":[{"href":"https:\/\/campingdulavandin.com\/de\/wp-json\/wp\/v2\/pages"}],"about":[{"href":"https:\/\/campingdulavandin.com\/de\/wp-json\/wp\/v2\/types\/page"}],"author":[{"embeddable":true,"href":"https:\/\/campingdulavandin.com\/de\/wp-json\/wp\/v2\/users\/1"}],"replies":[{"embeddable":true,"href":"https:\/\/campingdulavandin.com\/de\/wp-json\/wp\/v2\/comments?post=711"}],"version-history":[{"count":6,"href":"https:\/\/campingdulavandin.com\/de\/wp-json\/wp\/v2\/pages\/711\/revisions"}],"predecessor-version":[{"id":1321,"href":"https:\/\/campingdulavandin.com\/de\/wp-json\/wp\/v2\/pages\/711\/revisions\/1321"}],"wp:attachment":[{"href":"https:\/\/campingdulavandin.com\/de\/wp-json\/wp\/v2\/media?parent=711"}],"curies":[{"name":"wp","href":"https:\/\/api.w.org\/{rel}","templated":true}]}}